{"id":947,"date":"2022-03-23T00:29:47","date_gmt":"2022-03-22T21:29:47","guid":{"rendered":"https:\/\/www.europejobcenter.com\/de\/?page_id=947"},"modified":"2023-04-06T13:58:41","modified_gmt":"2023-04-06T11:58:41","slug":"fuer-bewerber","status":"publish","type":"page","link":"https:\/\/www.europejobcenter.com\/de\/fuer-bewerber\/","title":{"rendered":"F\u00fcr Bewerber"},"content":{"rendered":"<p>[vc_row][vc_column][\/vc_column][\/vc_row][vc_row full_height=&#8220;yes&#8220; css_animation=&#8220;fadeInRight&#8220;][vc_column]<a id=\"sc_anchor_anchor_1\" class=\"sc_anchor sc_anchor_default\" \r\n\t\ttitle=\"\" \r\n\t\tdata-icon=\"\" \r\n\t\tdata-url=\"#anchor_1\"\r\n><\/a>[vc_empty_space height=&#8220;4.5em&#8220; alter_height=&#8220;none&#8220; hide_on_mobile=&#8220;&#8220;]<div  id=\"sc_promo_1012482409\" \r\n\tclass=\"sc_promo sc_promo_default sc_promo_size_large sc_promo_no_paddings sc_promo_image_position_left\"><div class=\"sc_promo_image\" style=\"background-image:url(https:\/\/www.europejobcenter.com\/de\/wp-content\/uploads\/sites\/2\/2022\/03\/pexels-lukas-684387-scaled.jpg);width:41%;left: 0;\"><\/div><div class=\"sc_promo_text\" style=\"width: 59%;float: right;\">\r\n\t\t\t<div class=\"sc_promo_text_inner\" style=\"\"><h6 class=\"sc_item_subtitle sc_promo_subtitle sc_align_left sc_item_title_style_default\">UNSERE LEISTUNGEN PLUS<\/h6><h1 class=\"sc_item_title sc_promo_title sc_align_left sc_item_title_style_default sc_item_title_tag\">So l\u00e4uft die Integration von Fachkr\u00e4ften reibungslos<\/h1><div class=\"sc_item_descr sc_promo_descr sc_align_left\"><p>Ihr neuer Job in Deutschland wartet schon auf Sie! Wir begleiten Sie in Ihrer Muttersprache vom Bewerbungs- und Anerkennungsverfahren bis zu Einstellung. Dazu geh\u00f6rt auch Unterst\u00fctzung bei Beh\u00f6rdeng\u00e4ngen, Sprachkursen, der Wohnungssuche bis zur Integration am Arbeitsplatz, damit es mit Vorgesetzten und Kollegen von Anfang an gut funktioniert. Auch \u00fcber Ihre Rechte und die Gesetzeslage informieren wir Sie genau.<\/p>\n<p><\/p>\n<p>Wir bieten:<\/p>\n<p>Anerkennung von Diplomen<\/p>\n<p>Organisation Anerkennungsverfahren<\/p>\n<p>Begleitung bei Beh\u00f6rdeng\u00e4ngen<\/p>\n<p>Betreuung\/ Integration am Arbeitsplatz<\/p>\n<p>Wohnungsangebote bei einer unseren Partner<\/p>\n<p>Unterst\u00fctzung bei der Beantragung von Visa, Aufenthaltsgenehmigung<\/p>\n<p>und Arbeitserlaubnis durch unsere Partneranw\u00e4lte<\/p>\n<p><\/p>\n<p>Die erste Unterkunft<\/p>\n<p>F\u00fcr die ersten Wochen und Monaten, bis Sie in Deutschland eine Wohnung passende gefunden haben, gibt es verschiedene Optionen; beispielsweise eine m\u00f6blierte Wohnung\/zimmer oder Jugendherberge.<\/p>\n<\/div><div class=\"sc_promo_content sc_item_content\">[vc_empty_space height=&#8220;2em&#8220; alter_height=&#8220;none&#8220; hide_on_mobile=&#8220;&#8220;]<a href=\"\/kontakt\" id=\"sc_button_334246981\" class=\"sc_button sc_button_default sc_button_size_normal sc_button_icon_left\"><span class=\"sc_button_text\"><span class=\"sc_button_title\">Kontakt<\/span><\/span><!-- \/.sc_button_text --><\/a><!-- \/.sc_button --><\/div><\/div>\r\n\t\t<\/div><!-- \/.sc_promo_text --><\/div><!-- \/.sc_promo -->[\/vc_column][\/vc_row][vc_row full_width=&#8220;stretch_row_content_no_spaces&#8220; full_height=&#8220;yes&#8220; css_animation=&#8220;fadeInUp&#8220;][vc_column]<a id=\"sc_anchor_anchor_2\" class=\"sc_anchor sc_anchor_default\" \r\n\t\ttitle=\"\" \r\n\t\tdata-icon=\"\" \r\n\t\tdata-url=\"#anchor_2\"\r\n><\/a><div  id=\"sc_action_1857678268\" \r\n\tclass=\"scheme_dark sc_action sc_action_simple custom_action_large\"><div class=\"sc_action_content sc_item_content\"><div class=\"sc_action_item sc_action_item_simple with_image trx_addons_stretch_height sc_action_item_ml\" style=\"background-image:url(https:\/\/www.europejobcenter.com\/de\/wp-content\/uploads\/sites\/2\/2017\/03\/service-2-1170x658.jpg);\">\r\n\t\t\t\t\t\t\t<div class=\"sc_action_item_mask\"><\/div>\r\n\t\t\t\t<div class=\"sc_action_item_inner\">\r\n\t\t\t\t<div class=\"sc_action_item_icon sc_action_item_icon_type_ icon-phone-2\"\r\n\t\t\t\t\t\t\t\t\t\t\t\t><span class=\"sc_action_item_icon_type_ icon-phone-2\"\r\n\t\t\t\t\t\t\t\t\t\t\t\t\t><\/span><\/div><h3 class=\"sc_action_item_title\"><span> Das ist Ihre Chance!Die Bev\u00f6lkerung in Deutschland wird immer \u00e4lter und gleichzeitig steigt der Fachkr\u00e4ftemangel weiter an. Diese L\u00fccke in der Versorgung ist mit einheimischen Kr\u00e4ften allein nicht mehr zu decken.<\/span><\/h3><h6 class=\"sc_action_item_subtitle\"><span>Kontaktieren Sie uns!<\/span><\/h6><\/div><!-- \/.sc_action_item_inner --><a href=\"\/kontakt\/\" class=\"sc_action_item_link sc_action_item_link_over\"><\/a><\/div><\/div><\/div><!-- \/.sc_action -->[\/vc_column][\/vc_row][vc_row][vc_column][vc_cta h2=&#8220;Die erste Unterkunft&#8220; style=&#8220;outline&#8220; color=&#8220;black&#8220;]<\/p>\n<p class=\"p1\">F\u00fcr die ersten Wochen und Monaten, bis Sie in Deutschland eine Wohnung passende gefunden haben, gibt es verschiedene Optionen;\u00a0beispielsweise eine m\u00f6blierte Wohnung\/zimmer oder Jugendherberge.<\/p>\n<p>[\/vc_cta][\/vc_column][\/vc_row][vc_row full_width=&#8220;stretch_row_content_no_spaces&#8220; equal_height=&#8220;yes&#8220; content_placement=&#8220;middle&#8220; css_animation=&#8220;fadeInRight&#8220;][vc_column width=&#8220;1\/4&#8243; scheme=&#8220;dark&#8220; css=&#8220;.vc_custom_1492090302191{background-color: #090c1b !important;}&#8220;]<a id=\"sc_anchor_scroll_down\" class=\"sc_anchor sc_anchor_default\" \r\n\t\ttitle=\"\" \r\n\t\tdata-icon=\"\" \r\n\t\tdata-url=\"#scroll_down\"\r\n><\/a>[vc_empty_space height=&#8220;&#8220; alter_height=&#8220;large&#8220; hide_on_mobile=&#8220;&#8220;][vc_column_text]<\/p>\n<h6 style=\"text-align: center;\">Kontakt<\/h6>\n<p style=\"text-align: center;\">T: <span class=\"S1PPyQ\">069 30065501<\/span><br \/>\nF: <span class=\"S1PPyQ\">069 30065501<\/span><br \/>\n<a href=\"mailto:info@europejobcenter.de\"><strong>info@europejobcenter.de<\/strong><\/a><\/p>\n<p>[\/vc_column_text][vc_empty_space height=&#8220;&#8220; alter_height=&#8220;large&#8220; hide_on_mobile=&#8220;&#8220;][\/vc_column][vc_column width=&#8220;1\/4&#8243; scheme=&#8220;dark&#8220; css=&#8220;.vc_custom_1492090312414{background-color: #1439b6 !important;}&#8220;][vc_empty_space height=&#8220;&#8220; alter_height=&#8220;large&#8220; hide_on_mobile=&#8220;&#8220;]<div  id=\"sc_socials_766585549\" \r\n\t\tclass=\"sc_socials sc_socials_default sc_align_center\"><div class=\"socials_wrap\"><a target=\"_blank\" href=\"https:\/\/twitter.com\/europejobcenter\" class=\"social_item social_item_style_icons social_item_type_icons\"><span class=\"social_icon social_twitter\"><span class=\"icon-twitter\"><\/span><\/span><\/a><a target=\"_blank\" href=\"https:\/\/business.facebook.com\/europejobcenter\" class=\"social_item social_item_style_icons social_item_type_icons\"><span class=\"social_icon social_facebook\"><span class=\"icon-facebook\"><\/span><\/span><\/a><a target=\"_blank\" href=\"https:\/\/www.linkedin.com\/europejobcenter\" class=\"social_item social_item_style_icons social_item_type_icons\"><span class=\"social_icon social_linkedin\"><span class=\"icon-linkedin\"><\/span><\/span><\/a><\/div><!-- \/.socials_wrap --><\/div><!-- \/.sc_socials -->[vc_empty_space height=&#8220;&#8220; alter_height=&#8220;large&#8220; hide_on_mobile=&#8220;&#8220;][\/vc_column][vc_column width=&#8220;1\/4&#8243; css=&#8220;.vc_custom_1650030710412{background-image: url(https:\/\/www.europejobcenter.com\/de\/wp-content\/uploads\/2017\/03\/post-5.jpg?id=93) !important;background-position: center !important;background-repeat: no-repeat !important;background-size: contain !important;}&#8220;][vc_gmaps link=&#8220;#E-8_JTNDaWZyYW1lJTIwc3JjJTNEJTIyaHR0cHMlM0ElMkYlMkZ3d3cuZ29vZ2xlLmNvbSUyRm1hcHMlMkZlbWJlZCUzRnBiJTNEJTIxMW0xOCUyMTFtMTIlMjExbTMlMjExZDE3MDcuMDc5NDE2MjA3NTM3NiUyMTJkOC41NjUyNDc5OTEzMjk0NjglMjEzZDUwLjEyODc5MDMyMDQ4MTUzJTIxMm0zJTIxMWYwJTIxMmYwJTIxM2YwJTIxM20yJTIxMWkxMDI0JTIxMmk3NjglMjE0ZjEzLjElMjEzbTMlMjExbTIlMjExczB4NDdiZDA5ZjJhM2MxZWRlNSUyNTNBMHhmMWQ3OWQzYTEyZjAwMTJlJTIxMnNFSkMlMjUyMENvbnN1bHRpbmclMjUyMCUyNTI2JTI1MjBSZWNydWl0bWVudCUyNTIwR21iSCUyNTIwLSUyNTIwJTI1RTIlMjU4MCUyNTlDJTI1MjBGdWxsJTI1MjBTZXJ2aWNlJTI1MjByZWNydWl0aW5nJTI1MjAlMjUyNiUyNTIwcmVsb2NhdGlvbiUyNTIwJTI1RTIlMjU4MCUyNTlDJTI1MjBuZSUyNTIwJTI1M0YlMjE1ZTAlMjEzbTIlMjExc3RyJTIxMnN0ciUyMTR2MTY3NjI0MTk3ODMxNCUyMTVtMiUyMTFzdHIlMjEyc3RyJTIyJTIwd2lkdGglM0QlMjI2MDAlMjIlMjBoZWlnaHQlM0QlMjI0NTAlMjIlMjBzdHlsZSUzRCUyMmJvcmRlciUzQTAlM0IlMjIlMjBhbGxvd2Z1bGxzY3JlZW4lM0QlMjIlMjIlMjBsb2FkaW5nJTNEJTIybGF6eSUyMiUyMHJlZmVycmVycG9saWN5JTNEJTIybm8tcmVmZXJyZXItd2hlbi1kb3duZ3JhZGUlMjIlM0UlM0MlMkZpZnJhbWUlM0U=&#8220;][\/vc_column][vc_column width=&#8220;1\/4&#8243;][vc_empty_space height=&#8220;&#8220; alter_height=&#8220;large&#8220; hide_on_mobile=&#8220;&#8220;][vc_column_text]<\/p>\n<h6 style=\"text-align: center;\">Anschrift.:<\/h6>\n<p style=\"text-align: center;\">D\u00fcsseldorfer Stra\u00dfe 5-7<br \/>\n65760 Eschborn[\/vc_column_text][vc_empty_space height=&#8220;&#8220; alter_height=&#8220;large&#8220; hide_on_mobile=&#8220;&#8220;][\/vc_column][\/vc_row]<\/p>\n","protected":false},"excerpt":{"rendered":"<p>[vc_row][vc_column][\/vc_column][\/vc_row][vc_row full_height=&#8220;yes&#8220; css_animation=&#8220;fadeInRight&#8220;][vc_column][vc_empty_space height=&#8220;4.5em&#8220; alter_height=&#8220;none&#8220; hide_on_mobile=&#8220;&#8220;][\/vc_column][\/vc_row][vc_row full_width=&#8220;stretch_row_content_no_spaces&#8220; full_height=&#8220;yes&#8220; css_animation=&#8220;fadeInUp&#8220;][vc_column][\/vc_column][\/vc_row][vc_row][vc_column][vc_cta h2=&#8220;Die erste Unterkunft&#8220; style=&#8220;outline&#8220; color=&#8220;black&#8220;] F\u00fcr die ersten Wochen und Monaten, bis Sie in Deutschland eine Wohnung passende gefunden haben, gibt es verschiedene Optionen;\u00a0beispielsweise eine m\u00f6blierte Wohnung\/zimmer oder Jugendherberge. [\/vc_cta][\/vc_column][\/vc_row][vc_row full_width=&#8220;stretch_row_content_no_spaces&#8220; equal_height=&#8220;yes&#8220; content_placement=&#8220;middle&#8220; css_animation=&#8220;fadeInRight&#8220;][vc_column width=&#8220;1\/4&#8243; scheme=&#8220;dark&#8220; css=&#8220;.vc_custom_1492090302191{background-color: #090c1b !important;}&#8220;][vc_empty_space height=&#8220;&#8220; alter_height=&#8220;large&#8220; hide_on_mobile=&#8220;&#8220;][vc_column_text] Kontakt T: 069 30065501 F: 069 30065501 info@europejobcenter.de [\/vc_column_text][vc_empty_space&hellip;<\/p>\n","protected":false},"author":1,"featured_media":0,"parent":0,"menu_order":0,"comment_status":"closed","ping_status":"closed","template":"","meta":{"_monsterinsights_skip_tracking":false,"_monsterinsights_sitenote_active":false,"_monsterinsights_sitenote_note":"","_monsterinsights_sitenote_category":0},"yoast_head":"<!-- This site is optimized with the Yoast SEO Premium plugin v19.3 (Yoast SEO v19.8) - https:\/\/yoast.com\/wordpress\/plugins\/seo\/ -->\n<title>F\u00fcr Bewerber - Europe Job Center<\/title>\n<meta name=\"robots\" content=\"index, follow, max-snippet:-1, max-image-preview:large, max-video-preview:-1\" \/>\n<link rel=\"canonical\" href=\"https:\/\/www.europejobcenter.com\/de\/fuer-bewerber\/\" \/>\n<meta property=\"og:locale\" content=\"de_DE\" \/>\n<meta property=\"og:type\" content=\"article\" \/>\n<meta property=\"og:title\" content=\"F\u00fcr Bewerber\" \/>\n<meta property=\"og:description\" content=\"[vc_row][vc_column][\/vc_column][\/vc_row][vc_row full_height=&#8220;yes&#8220; css_animation=&#8220;fadeInRight&#8220;][vc_column][vc_empty_space height=&#8220;4.5em&#8220; alter_height=&#8220;none&#8220; hide_on_mobile=&#8220;&#8220;][\/vc_column][\/vc_row][vc_row full_width=&#8220;stretch_row_content_no_spaces&#8220; full_height=&#8220;yes&#8220; css_animation=&#8220;fadeInUp&#8220;][vc_column][\/vc_column][\/vc_row][vc_row][vc_column][vc_cta h2=&#8220;Die erste Unterkunft&#8220; style=&#8220;outline&#8220; color=&#8220;black&#8220;] F\u00fcr die ersten Wochen und Monaten, bis Sie in Deutschland eine Wohnung passende gefunden haben, gibt es verschiedene Optionen;\u00a0beispielsweise eine m\u00f6blierte Wohnung\/zimmer oder Jugendherberge. [\/vc_cta][\/vc_column][\/vc_row][vc_row full_width=&#8220;stretch_row_content_no_spaces&#8220; equal_height=&#8220;yes&#8220; content_placement=&#8220;middle&#8220; css_animation=&#8220;fadeInRight&#8220;][vc_column width=&#8220;1\/4&#8243; scheme=&#8220;dark&#8220; css=&#8220;.vc_custom_1492090302191{background-color: #090c1b !important;}&#8220;][vc_empty_space height=&#8220;&#8220; alter_height=&#8220;large&#8220; hide_on_mobile=&#8220;&#8220;][vc_column_text] Kontakt T: 069 30065501 F: 069 30065501 info@europejobcenter.de [\/vc_column_text][vc_empty_space&hellip;\" \/>\n<meta property=\"og:url\" content=\"https:\/\/www.europejobcenter.com\/de\/fuer-bewerber\/\" \/>\n<meta property=\"og:site_name\" content=\"Europe Job Center\" \/>\n<meta property=\"article:modified_time\" content=\"2023-04-06T11:58:41+00:00\" \/>\n<meta name=\"twitter:card\" content=\"summary_large_image\" \/>\n<meta name=\"twitter:label1\" content=\"Gesch\u00e4tzte Lesezeit\" \/>\n\t<meta name=\"twitter:data1\" content=\"2\u00a0Minuten\" \/>\n<script type=\"application\/ld+json\" class=\"yoast-schema-graph\">{\"@context\":\"https:\/\/schema.org\",\"@graph\":[{\"@type\":\"WebPage\",\"@id\":\"https:\/\/www.europejobcenter.com\/de\/fuer-bewerber\/\",\"url\":\"https:\/\/www.europejobcenter.com\/de\/fuer-bewerber\/\",\"name\":\"F\u00fcr Bewerber - Europe Job Center\",\"isPartOf\":{\"@id\":\"https:\/\/www.europejobcenter.com\/de\/#website\"},\"datePublished\":\"2022-03-22T21:29:47+00:00\",\"dateModified\":\"2023-04-06T11:58:41+00:00\",\"breadcrumb\":{\"@id\":\"https:\/\/www.europejobcenter.com\/de\/fuer-bewerber\/#breadcrumb\"},\"inLanguage\":\"de\",\"potentialAction\":[{\"@type\":\"ReadAction\",\"target\":[\"https:\/\/www.europejobcenter.com\/de\/fuer-bewerber\/\"]}]},{\"@type\":\"BreadcrumbList\",\"@id\":\"https:\/\/www.europejobcenter.com\/de\/fuer-bewerber\/#breadcrumb\",\"itemListElement\":[{\"@type\":\"ListItem\",\"position\":1,\"name\":\"Anasayfa\",\"item\":\"https:\/\/www.europejobcenter.com\/de\/\"},{\"@type\":\"ListItem\",\"position\":2,\"name\":\"F\u00fcr Bewerber\"}]},{\"@type\":\"WebSite\",\"@id\":\"https:\/\/www.europejobcenter.com\/de\/#website\",\"url\":\"https:\/\/www.europejobcenter.com\/de\/\",\"name\":\"Europe Job Center\",\"description\":\"Fachkr\u00e4fteeinwanderungsgesetz\",\"potentialAction\":[{\"@type\":\"SearchAction\",\"target\":{\"@type\":\"EntryPoint\",\"urlTemplate\":\"https:\/\/www.europejobcenter.com\/de\/?s={search_term_string}\"},\"query-input\":\"required name=search_term_string\"}],\"inLanguage\":\"de\"}]}<\/script>\n<!-- \/ Yoast SEO Premium plugin. -->","yoast_head_json":{"title":"F\u00fcr Bewerber - Europe Job Center","robots":{"index":"index","follow":"follow","max-snippet":"max-snippet:-1","max-image-preview":"max-image-preview:large","max-video-preview":"max-video-preview:-1"},"canonical":"https:\/\/www.europejobcenter.com\/de\/fuer-bewerber\/","og_locale":"de_DE","og_type":"article","og_title":"F\u00fcr Bewerber","og_description":"[vc_row][vc_column][\/vc_column][\/vc_row][vc_row full_height=&#8220;yes&#8220; css_animation=&#8220;fadeInRight&#8220;][vc_column][vc_empty_space height=&#8220;4.5em&#8220; alter_height=&#8220;none&#8220; hide_on_mobile=&#8220;&#8220;][\/vc_column][\/vc_row][vc_row full_width=&#8220;stretch_row_content_no_spaces&#8220; full_height=&#8220;yes&#8220; css_animation=&#8220;fadeInUp&#8220;][vc_column][\/vc_column][\/vc_row][vc_row][vc_column][vc_cta h2=&#8220;Die erste Unterkunft&#8220; style=&#8220;outline&#8220; color=&#8220;black&#8220;] F\u00fcr die ersten Wochen und Monaten, bis Sie in Deutschland eine Wohnung passende gefunden haben, gibt es verschiedene Optionen;\u00a0beispielsweise eine m\u00f6blierte Wohnung\/zimmer oder Jugendherberge. [\/vc_cta][\/vc_column][\/vc_row][vc_row full_width=&#8220;stretch_row_content_no_spaces&#8220; equal_height=&#8220;yes&#8220; content_placement=&#8220;middle&#8220; css_animation=&#8220;fadeInRight&#8220;][vc_column width=&#8220;1\/4&#8243; scheme=&#8220;dark&#8220; css=&#8220;.vc_custom_1492090302191{background-color: #090c1b !important;}&#8220;][vc_empty_space height=&#8220;&#8220; alter_height=&#8220;large&#8220; hide_on_mobile=&#8220;&#8220;][vc_column_text] Kontakt T: 069 30065501 F: 069 30065501 info@europejobcenter.de [\/vc_column_text][vc_empty_space&hellip;","og_url":"https:\/\/www.europejobcenter.com\/de\/fuer-bewerber\/","og_site_name":"Europe Job Center","article_modified_time":"2023-04-06T11:58:41+00:00","twitter_card":"summary_large_image","twitter_misc":{"Gesch\u00e4tzte Lesezeit":"2\u00a0Minuten"},"schema":{"@context":"https:\/\/schema.org","@graph":[{"@type":"WebPage","@id":"https:\/\/www.europejobcenter.com\/de\/fuer-bewerber\/","url":"https:\/\/www.europejobcenter.com\/de\/fuer-bewerber\/","name":"F\u00fcr Bewerber - Europe Job Center","isPartOf":{"@id":"https:\/\/www.europejobcenter.com\/de\/#website"},"datePublished":"2022-03-22T21:29:47+00:00","dateModified":"2023-04-06T11:58:41+00:00","breadcrumb":{"@id":"https:\/\/www.europejobcenter.com\/de\/fuer-bewerber\/#breadcrumb"},"inLanguage":"de","potentialAction":[{"@type":"ReadAction","target":["https:\/\/www.europejobcenter.com\/de\/fuer-bewerber\/"]}]},{"@type":"BreadcrumbList","@id":"https:\/\/www.europejobcenter.com\/de\/fuer-bewerber\/#breadcrumb","itemListElement":[{"@type":"ListItem","position":1,"name":"Anasayfa","item":"https:\/\/www.europejobcenter.com\/de\/"},{"@type":"ListItem","position":2,"name":"F\u00fcr Bewerber"}]},{"@type":"WebSite","@id":"https:\/\/www.europejobcenter.com\/de\/#website","url":"https:\/\/www.europejobcenter.com\/de\/","name":"Europe Job Center","description":"Fachkr\u00e4fteeinwanderungsgesetz","potentialAction":[{"@type":"SearchAction","target":{"@type":"EntryPoint","urlTemplate":"https:\/\/www.europejobcenter.com\/de\/?s={search_term_string}"},"query-input":"required name=search_term_string"}],"inLanguage":"de"}]}},"_links":{"self":[{"href":"https:\/\/www.europejobcenter.com\/de\/wp-json\/wp\/v2\/pages\/947"}],"collection":[{"href":"https:\/\/www.europejobcenter.com\/de\/wp-json\/wp\/v2\/pages"}],"about":[{"href":"https:\/\/www.europejobcenter.com\/de\/wp-json\/wp\/v2\/types\/page"}],"author":[{"embeddable":true,"href":"https:\/\/www.europejobcenter.com\/de\/wp-json\/wp\/v2\/users\/1"}],"replies":[{"embeddable":true,"href":"https:\/\/www.europejobcenter.com\/de\/wp-json\/wp\/v2\/comments?post=947"}],"version-history":[{"count":15,"href":"https:\/\/www.europejobcenter.com\/de\/wp-json\/wp\/v2\/pages\/947\/revisions"}],"predecessor-version":[{"id":1249,"href":"https:\/\/www.europejobcenter.com\/de\/wp-json\/wp\/v2\/pages\/947\/revisions\/1249"}],"wp:attachment":[{"href":"https:\/\/www.europejobcenter.com\/de\/wp-json\/wp\/v2\/media?parent=947"}],"curies":[{"name":"wp","href":"https:\/\/api.w.org\/{rel}","templated":true}]}}